{"id":5728714,"date":"2024-06-28T12:10:14","date_gmt":"2024-06-28T10:10:14","guid":{"rendered":"https:\/\/www.stayer.es\/fr\/produits\/chargeur-rapide-refrigere-chargeur-refrigere-5-0-a\/"},"modified":"2025-11-14T15:20:17","modified_gmt":"2025-11-14T14:20:17","slug":"chargeur-rapide-refrigere-chargeur-refrigere-5-0-a","status":"publish","type":"st_producto","link":"https:\/\/www.stayer.es\/fr\/produits\/chargeur-rapide-refrigere-chargeur-refrigere-5-0-a\/","title":{"rendered":"Chargeur r\u00e9frig\u00e9r\u00e9 5.0 A"},"content":{"rendered":"","protected":false},"featured_media":5730629,"menu_order":0,"template":"","meta":{"_acf_changed":false},"st_prod_cat":[2387,2379],"st_soluciones":[],"st_prod_grupos":[],"st_prod_templates":[2057],"class_list":["post-5728714","st_producto","type-st_producto","status-publish","has-post-thumbnail","hentry","st_prod_cat-batteries-et-chargeurs","st_prod_cat-piles-et-chargeurs","st_prod_templates-produit-normal"],"acf":{"descripcion_corta":"","formato":2057,"profesionales":false,"productos_relacionados":"categoria","grupo_relacionados":false,"ventajas":"<ul>\n<li>Chargeur compatible avec toute la gamme STAYER L20.<\/li>\n<li>Chargeur avec deux voyants LED pour l&rsquo;&eacute;tat de charge de la batterie :<\/li>\n<li>Batterie en cours de chargement.<\/li>\n<li>Batterie charg&eacute;e.<\/li>\n<li>Surchauffe du chargeur.<\/li>\n<li>Dysfonctionnement du chargeur.<\/li>\n<li>D&eacute;tection de l&rsquo;amp&eacute;rage de la batterie de 2,0 &agrave; 5,0 Ah.<\/li>\n<li>Syst&egrave;me de refroidissement int&eacute;gr&eacute;.<\/li>\n<li>Protection contre la surcharge et la surchauffe pour augmenter la dur&eacute;e de vie de la batterie.<\/li>\n<\/ul>\n","dotacion_estandar":"","nombre_comun":"CHARGEUR RAPIDE R\u00c9FRIG\u00c9R\u00c9","referencia":"12.916","orden_taxonomias":[{"taxonomia":"st_prod_cat-2379","orden":"2"},{"taxonomia":"st_prod_cat-2387","orden":"5"}],"datos_tecnicos":[{"caracteristica":"Amp\u00e9rage","valor":"5.0 A","vista_previa":false},{"caracteristica":"Hertz","valor":"50\/60 Hz","vista_previa":false},{"caracteristica":"Dimensions ","valor":"18.2x12x9  cm","vista_previa":false},{"caracteristica":"Longueur du c\u00e2ble","valor":"1.80 m","vista_previa":false},{"caracteristica":"Poids","valor":"550 gr","vista_previa":false}],"imagenes":[{"ID":5730629,"id":5730629,"title":"chargeur_frigorifique_0","filename":"cargador_refrigerado_0-2.jpg","filesize":85065,"url":"https:\/\/www.stayer.es\/fr\/wp-content\/uploads\/sites\/7\/cargador_refrigerado_0-2.jpg","link":"https:\/\/www.stayer.es\/fr\/cargador_refrigerado_0-2\/","alt":"","author":"4","description":"","caption":"","name":"cargador_refrigerado_0-2","status":"inherit","uploaded_to":0,"date":"2025-06-25 08:19:02","modified":"2025-06-25 08:19:02","menu_order":0,"mime_type":"image\/jpeg","type":"image","subtype":"jpeg","icon":"https:\/\/www.stayer.es\/fr\/wp-includes\/images\/media\/default.png","width":545,"height":545,"sizes":{"thumbnail":"https:\/\/www.stayer.es\/fr\/wp-content\/uploads\/sites\/7\/cargador_refrigerado_0-2-150x150.jpg","thumbnail-width":150,"thumbnail-height":150,"medium":"https:\/\/www.stayer.es\/fr\/wp-content\/uploads\/sites\/7\/cargador_refrigerado_0-2-300x300.jpg","medium-width":300,"medium-height":300,"medium_large":"https:\/\/www.stayer.es\/fr\/wp-content\/uploads\/sites\/7\/cargador_refrigerado_0-2.jpg","medium_large-width":545,"medium_large-height":545,"large":"https:\/\/www.stayer.es\/fr\/wp-content\/uploads\/sites\/7\/cargador_refrigerado_0-2.jpg","large-width":545,"large-height":545,"1536x1536":"https:\/\/www.stayer.es\/fr\/wp-content\/uploads\/sites\/7\/cargador_refrigerado_0-2.jpg","1536x1536-width":545,"1536x1536-height":545,"2048x2048":"https:\/\/www.stayer.es\/fr\/wp-content\/uploads\/sites\/7\/cargador_refrigerado_0-2.jpg","2048x2048-width":545,"2048x2048-height":545}}],"productos_compatibles":[],"documentos":[{"titulo":"Fiche technique Chargeur r\u00e9frig\u00e9r\u00e9","url":"\/kematik\/descargar-archivo.php?e=documentos&id=3826&c=archivo_x_3&k=206c69929ba5fe50dda535137a0b6d66"}]},"yoast_head":"<!-- This site is optimized with the Yoast SEO plugin v27.4 - https:\/\/yoast.com\/product\/yoast-seo-wordpress\/ -->\n<title>Chargeur r\u00e9frig\u00e9r\u00e9 5.0 A - Frances<\/title>\n<meta name=\"robots\" content=\"index, follow, max-snippet:-1, max-image-preview:large, max-video-preview:-1\" \/>\n<link rel=\"canonical\" href=\"https:\/\/www.stayer.es\/fr\/produits\/chargeur-rapide-refrigere-chargeur-refrigere-5-0-a\/\" \/>\n<meta property=\"og:locale\" content=\"fr_FR\" \/>\n<meta property=\"og:type\" content=\"article\" \/>\n<meta property=\"og:title\" content=\"Chargeur r\u00e9frig\u00e9r\u00e9 5.0 A - Frances\" \/>\n<meta property=\"og:url\" content=\"https:\/\/www.stayer.es\/fr\/produits\/chargeur-rapide-refrigere-chargeur-refrigere-5-0-a\/\" \/>\n<meta property=\"og:site_name\" content=\"Frances\" \/>\n<meta property=\"article:modified_time\" content=\"2025-11-14T14:20:17+00:00\" \/>\n<meta property=\"og:image\" content=\"https:\/\/www.stayer.es\/fr\/wp-content\/uploads\/sites\/7\/cargador_refrigerado_0-2.jpg\" \/>\n\t<meta property=\"og:image:width\" content=\"545\" \/>\n\t<meta property=\"og:image:height\" content=\"545\" \/>\n\t<meta property=\"og:image:type\" content=\"image\/jpeg\" \/>\n<meta name=\"twitter:card\" content=\"summary_large_image\" \/>\n<script type=\"application\/ld+json\" class=\"yoast-schema-graph\">{\"@context\":\"https:\\\/\\\/schema.org\",\"@graph\":[{\"@type\":\"WebPage\",\"@id\":\"https:\\\/\\\/www.stayer.es\\\/fr\\\/produits\\\/chargeur-rapide-refrigere-chargeur-refrigere-5-0-a\\\/\",\"url\":\"https:\\\/\\\/www.stayer.es\\\/fr\\\/produits\\\/chargeur-rapide-refrigere-chargeur-refrigere-5-0-a\\\/\",\"name\":\"Chargeur r\u00e9frig\u00e9r\u00e9 5.0 A - Frances\",\"isPartOf\":{\"@id\":\"https:\\\/\\\/www.stayer.es\\\/fr\\\/#website\"},\"primaryImageOfPage\":{\"@id\":\"https:\\\/\\\/www.stayer.es\\\/fr\\\/produits\\\/chargeur-rapide-refrigere-chargeur-refrigere-5-0-a\\\/#primaryimage\"},\"image\":{\"@id\":\"https:\\\/\\\/www.stayer.es\\\/fr\\\/produits\\\/chargeur-rapide-refrigere-chargeur-refrigere-5-0-a\\\/#primaryimage\"},\"thumbnailUrl\":\"https:\\\/\\\/www.stayer.es\\\/fr\\\/wp-content\\\/uploads\\\/sites\\\/7\\\/cargador_refrigerado_0-2.jpg\",\"datePublished\":\"2024-06-28T10:10:14+00:00\",\"dateModified\":\"2025-11-14T14:20:17+00:00\",\"breadcrumb\":{\"@id\":\"https:\\\/\\\/www.stayer.es\\\/fr\\\/produits\\\/chargeur-rapide-refrigere-chargeur-refrigere-5-0-a\\\/#breadcrumb\"},\"inLanguage\":\"fr-FR\",\"potentialAction\":[{\"@type\":\"ReadAction\",\"target\":[\"https:\\\/\\\/www.stayer.es\\\/fr\\\/produits\\\/chargeur-rapide-refrigere-chargeur-refrigere-5-0-a\\\/\"]}]},{\"@type\":\"ImageObject\",\"inLanguage\":\"fr-FR\",\"@id\":\"https:\\\/\\\/www.stayer.es\\\/fr\\\/produits\\\/chargeur-rapide-refrigere-chargeur-refrigere-5-0-a\\\/#primaryimage\",\"url\":\"https:\\\/\\\/www.stayer.es\\\/fr\\\/wp-content\\\/uploads\\\/sites\\\/7\\\/cargador_refrigerado_0-2.jpg\",\"contentUrl\":\"https:\\\/\\\/www.stayer.es\\\/fr\\\/wp-content\\\/uploads\\\/sites\\\/7\\\/cargador_refrigerado_0-2.jpg\",\"width\":545,\"height\":545},{\"@type\":\"BreadcrumbList\",\"@id\":\"https:\\\/\\\/www.stayer.es\\\/fr\\\/produits\\\/chargeur-rapide-refrigere-chargeur-refrigere-5-0-a\\\/#breadcrumb\",\"itemListElement\":[{\"@type\":\"ListItem\",\"position\":1,\"name\":\"Productos\",\"item\":\"https:\\\/\\\/www.stayer.es\\\/fr\\\/produits\\\/\"},{\"@type\":\"ListItem\",\"position\":2,\"name\":\"Outils professionnels\",\"item\":\"https:\\\/\\\/www.stayer.es\\\/fr\\\/catalogue\\\/outils-professionnels\\\/\"},{\"@type\":\"ListItem\",\"position\":3,\"name\":\"Batterie\",\"item\":\"https:\\\/\\\/www.stayer.es\\\/fr\\\/catalogue\\\/outils-professionnels\\\/batterie\\\/\"},{\"@type\":\"ListItem\",\"position\":4,\"name\":\"Gamme L20 - 18V\",\"item\":\"https:\\\/\\\/www.stayer.es\\\/fr\\\/catalogue\\\/outils-professionnels\\\/batterie\\\/gamme-l20-18v\\\/\"},{\"@type\":\"ListItem\",\"position\":5,\"name\":\"Batteries et chargeurs\",\"item\":\"https:\\\/\\\/www.stayer.es\\\/fr\\\/catalogue\\\/outils-professionnels\\\/batterie\\\/gamme-l20-18v\\\/batteries-et-chargeurs\\\/\"},{\"@type\":\"ListItem\",\"position\":6,\"name\":\"Chargeur r\u00e9frig\u00e9r\u00e9 5.0 A\"}]},{\"@type\":\"WebSite\",\"@id\":\"https:\\\/\\\/www.stayer.es\\\/fr\\\/#website\",\"url\":\"https:\\\/\\\/www.stayer.es\\\/fr\\\/\",\"name\":\"Frances\",\"description\":\"Otro sitio realizado con WordPress\",\"publisher\":{\"@id\":\"https:\\\/\\\/www.stayer.es\\\/fr\\\/#organization\"},\"potentialAction\":[{\"@type\":\"SearchAction\",\"target\":{\"@type\":\"EntryPoint\",\"urlTemplate\":\"https:\\\/\\\/www.stayer.es\\\/fr\\\/?s={search_term_string}\"},\"query-input\":{\"@type\":\"PropertyValueSpecification\",\"valueRequired\":true,\"valueName\":\"search_term_string\"}}],\"inLanguage\":\"fr-FR\"},{\"@type\":\"Organization\",\"@id\":\"https:\\\/\\\/www.stayer.es\\\/fr\\\/#organization\",\"name\":\"Stayer Iberica, S.A.\",\"url\":\"https:\\\/\\\/www.stayer.es\\\/fr\\\/\",\"logo\":{\"@type\":\"ImageObject\",\"inLanguage\":\"fr-FR\",\"@id\":\"https:\\\/\\\/www.stayer.es\\\/fr\\\/#\\\/schema\\\/logo\\\/image\\\/\",\"url\":\"https:\\\/\\\/www.stayer.es\\\/fr\\\/wp-content\\\/uploads\\\/sites\\\/7\\\/stayer-rojo.png\",\"contentUrl\":\"https:\\\/\\\/www.stayer.es\\\/fr\\\/wp-content\\\/uploads\\\/sites\\\/7\\\/stayer-rojo.png\",\"width\":400,\"height\":113,\"caption\":\"Stayer Iberica, S.A.\"},\"image\":{\"@id\":\"https:\\\/\\\/www.stayer.es\\\/fr\\\/#\\\/schema\\\/logo\\\/image\\\/\"}}]}<\/script>\n<!-- \/ Yoast SEO plugin. -->","yoast_head_json":{"title":"Chargeur r\u00e9frig\u00e9r\u00e9 5.0 A - Frances","robots":{"index":"index","follow":"follow","max-snippet":"max-snippet:-1","max-image-preview":"max-image-preview:large","max-video-preview":"max-video-preview:-1"},"canonical":"https:\/\/www.stayer.es\/fr\/produits\/chargeur-rapide-refrigere-chargeur-refrigere-5-0-a\/","og_locale":"fr_FR","og_type":"article","og_title":"Chargeur r\u00e9frig\u00e9r\u00e9 5.0 A - Frances","og_url":"https:\/\/www.stayer.es\/fr\/produits\/chargeur-rapide-refrigere-chargeur-refrigere-5-0-a\/","og_site_name":"Frances","article_modified_time":"2025-11-14T14:20:17+00:00","og_image":[{"width":545,"height":545,"url":"https:\/\/www.stayer.es\/fr\/wp-content\/uploads\/sites\/7\/cargador_refrigerado_0-2.jpg","type":"image\/jpeg"}],"twitter_card":"summary_large_image","schema":{"@context":"https:\/\/schema.org","@graph":[{"@type":"WebPage","@id":"https:\/\/www.stayer.es\/fr\/produits\/chargeur-rapide-refrigere-chargeur-refrigere-5-0-a\/","url":"https:\/\/www.stayer.es\/fr\/produits\/chargeur-rapide-refrigere-chargeur-refrigere-5-0-a\/","name":"Chargeur r\u00e9frig\u00e9r\u00e9 5.0 A - Frances","isPartOf":{"@id":"https:\/\/www.stayer.es\/fr\/#website"},"primaryImageOfPage":{"@id":"https:\/\/www.stayer.es\/fr\/produits\/chargeur-rapide-refrigere-chargeur-refrigere-5-0-a\/#primaryimage"},"image":{"@id":"https:\/\/www.stayer.es\/fr\/produits\/chargeur-rapide-refrigere-chargeur-refrigere-5-0-a\/#primaryimage"},"thumbnailUrl":"https:\/\/www.stayer.es\/fr\/wp-content\/uploads\/sites\/7\/cargador_refrigerado_0-2.jpg","datePublished":"2024-06-28T10:10:14+00:00","dateModified":"2025-11-14T14:20:17+00:00","breadcrumb":{"@id":"https:\/\/www.stayer.es\/fr\/produits\/chargeur-rapide-refrigere-chargeur-refrigere-5-0-a\/#breadcrumb"},"inLanguage":"fr-FR","potentialAction":[{"@type":"ReadAction","target":["https:\/\/www.stayer.es\/fr\/produits\/chargeur-rapide-refrigere-chargeur-refrigere-5-0-a\/"]}]},{"@type":"ImageObject","inLanguage":"fr-FR","@id":"https:\/\/www.stayer.es\/fr\/produits\/chargeur-rapide-refrigere-chargeur-refrigere-5-0-a\/#primaryimage","url":"https:\/\/www.stayer.es\/fr\/wp-content\/uploads\/sites\/7\/cargador_refrigerado_0-2.jpg","contentUrl":"https:\/\/www.stayer.es\/fr\/wp-content\/uploads\/sites\/7\/cargador_refrigerado_0-2.jpg","width":545,"height":545},{"@type":"BreadcrumbList","@id":"https:\/\/www.stayer.es\/fr\/produits\/chargeur-rapide-refrigere-chargeur-refrigere-5-0-a\/#breadcrumb","itemListElement":[{"@type":"ListItem","position":1,"name":"Productos","item":"https:\/\/www.stayer.es\/fr\/produits\/"},{"@type":"ListItem","position":2,"name":"Outils professionnels","item":"https:\/\/www.stayer.es\/fr\/catalogue\/outils-professionnels\/"},{"@type":"ListItem","position":3,"name":"Batterie","item":"https:\/\/www.stayer.es\/fr\/catalogue\/outils-professionnels\/batterie\/"},{"@type":"ListItem","position":4,"name":"Gamme L20 - 18V","item":"https:\/\/www.stayer.es\/fr\/catalogue\/outils-professionnels\/batterie\/gamme-l20-18v\/"},{"@type":"ListItem","position":5,"name":"Batteries et chargeurs","item":"https:\/\/www.stayer.es\/fr\/catalogue\/outils-professionnels\/batterie\/gamme-l20-18v\/batteries-et-chargeurs\/"},{"@type":"ListItem","position":6,"name":"Chargeur r\u00e9frig\u00e9r\u00e9 5.0 A"}]},{"@type":"WebSite","@id":"https:\/\/www.stayer.es\/fr\/#website","url":"https:\/\/www.stayer.es\/fr\/","name":"Frances","description":"Otro sitio realizado con WordPress","publisher":{"@id":"https:\/\/www.stayer.es\/fr\/#organization"},"potentialAction":[{"@type":"SearchAction","target":{"@type":"EntryPoint","urlTemplate":"https:\/\/www.stayer.es\/fr\/?s={search_term_string}"},"query-input":{"@type":"PropertyValueSpecification","valueRequired":true,"valueName":"search_term_string"}}],"inLanguage":"fr-FR"},{"@type":"Organization","@id":"https:\/\/www.stayer.es\/fr\/#organization","name":"Stayer Iberica, S.A.","url":"https:\/\/www.stayer.es\/fr\/","logo":{"@type":"ImageObject","inLanguage":"fr-FR","@id":"https:\/\/www.stayer.es\/fr\/#\/schema\/logo\/image\/","url":"https:\/\/www.stayer.es\/fr\/wp-content\/uploads\/sites\/7\/stayer-rojo.png","contentUrl":"https:\/\/www.stayer.es\/fr\/wp-content\/uploads\/sites\/7\/stayer-rojo.png","width":400,"height":113,"caption":"Stayer Iberica, S.A."},"image":{"@id":"https:\/\/www.stayer.es\/fr\/#\/schema\/logo\/image\/"}}]}},"_links":{"self":[{"href":"https:\/\/www.stayer.es\/fr\/wp-json\/wp\/v2\/st_producto\/5728714","targetHints":{"allow":["GET"]}}],"collection":[{"href":"https:\/\/www.stayer.es\/fr\/wp-json\/wp\/v2\/st_producto"}],"about":[{"href":"https:\/\/www.stayer.es\/fr\/wp-json\/wp\/v2\/types\/st_producto"}],"wp:featuredmedia":[{"embeddable":true,"href":"https:\/\/www.stayer.es\/fr\/wp-json\/wp\/v2\/media\/5730629"}],"wp:attachment":[{"href":"https:\/\/www.stayer.es\/fr\/wp-json\/wp\/v2\/media?parent=5728714"}],"wp:term":[{"taxonomy":"st_prod_cat","embeddable":true,"href":"https:\/\/www.stayer.es\/fr\/wp-json\/wp\/v2\/st_prod_cat?post=5728714"},{"taxonomy":"st_soluciones","embeddable":true,"href":"https:\/\/www.stayer.es\/fr\/wp-json\/wp\/v2\/st_soluciones?post=5728714"},{"taxonomy":"st_prod_grupos","embeddable":true,"href":"https:\/\/www.stayer.es\/fr\/wp-json\/wp\/v2\/st_prod_grupos?post=5728714"},{"taxonomy":"st_prod_templates","embeddable":true,"href":"https:\/\/www.stayer.es\/fr\/wp-json\/wp\/v2\/st_prod_templates?post=5728714"}],"curies":[{"name":"wp","href":"https:\/\/api.w.org\/{rel}","templated":true}]}}